{"id":1097,"date":"2021-05-14T22:04:49","date_gmt":"2021-05-14T21:04:49","guid":{"rendered":"https:\/\/micks-touren.de\/?page_id=1097"},"modified":"2021-05-14T22:12:45","modified_gmt":"2021-05-14T21:12:45","slug":"nordfriesland-2021","status":"publish","type":"page","link":"https:\/\/micks-touren.de\/?page_id=1097","title":{"rendered":"Nordfriesland (2021)"},"content":{"rendered":"\n<p>Corona-Zeit &#8230; und im Mai machte Nordfriesland als Modellregion unter Auflagen den Tourismus wieder m\u00f6glich. Mit reichlich Gl\u00fcck bekam ich noch ein Ferienh\u00e4uschen in der N\u00e4he von Husum, der Stadt, in der der ber\u00fchmte Dichter Theodor Storm geboren und auch begraben wurde.<\/p>\n\n\n\n<p>Nordfriesland ist bekannterma\u00dfen recht l\u00e4ndlich. Wer gerne keine Nachbarn h\u00e4tte, daf\u00fcr aber viele Schafe, K\u00fche und bl\u00fchende Rapsfelder, sollte sich hier mal umschauen. Ab und zu findet man sogar ein Haus mit einer eigenen Bushaltestelle \ud83d\ude09<\/p>\n\n\n\n<div class=\"wp-block-image\"><figure class=\"aligncenter size-large\"><img loading=\"lazy\" decoding=\"async\" width=\"1024\" height=\"768\" src=\"https:\/\/micks-touren.de\/wp-content\/uploads\/2021\/05\/01-Simonsberg-1024x768.jpg\" alt=\"\" class=\"wp-image-1098\" srcset=\"https:\/\/micks-touren.de\/wp-content\/uploads\/2021\/05\/01-Simonsberg-1024x768.jpg 1024w, https:\/\/micks-touren.de\/wp-content\/uploads\/2021\/05\/01-Simonsberg-300x225.jpg 300w, https:\/\/micks-touren.de\/wp-content\/uploads\/2021\/05\/01-Simonsberg-768x576.jpg 768w, https:\/\/micks-touren.de\/wp-content\/uploads\/2021\/05\/01-Simonsberg-1536x1152.jpg 1536w, https:\/\/micks-touren.de\/wp-content\/uploads\/2021\/05\/01-Simonsberg-150x113.jpg 150w, https:\/\/micks-touren.de\/wp-content\/uploads\/2021\/05\/01-Simonsberg.jpg 2000w\" sizes=\"auto, (max-width: 1024px) 100vw, 1024px\" \/><figcaption>Das Wattenmeer direkt hinterm Deich<\/figcaption><\/figure><\/div>\n\n\n\n<div class=\"wp-block-image\"><figure class=\"aligncenter size-large\"><img loading=\"lazy\" decoding=\"async\" width=\"1024\" height=\"709\" src=\"https:\/\/micks-touren.de\/wp-content\/uploads\/2021\/05\/03-Husum-1024x709.jpg\" alt=\"\" class=\"wp-image-1099\" srcset=\"https:\/\/micks-touren.de\/wp-content\/uploads\/2021\/05\/03-Husum-1024x709.jpg 1024w, https:\/\/micks-touren.de\/wp-content\/uploads\/2021\/05\/03-Husum-300x208.jpg 300w, https:\/\/micks-touren.de\/wp-content\/uploads\/2021\/05\/03-Husum-768x532.jpg 768w, https:\/\/micks-touren.de\/wp-content\/uploads\/2021\/05\/03-Husum-1536x1064.jpg 1536w, https:\/\/micks-touren.de\/wp-content\/uploads\/2021\/05\/03-Husum-150x104.jpg 150w, https:\/\/micks-touren.de\/wp-content\/uploads\/2021\/05\/03-Husum.jpg 2000w\" sizes=\"auto, (max-width: 1024px) 100vw, 1024px\" \/><figcaption>Der Hafen in Husum<\/figcaption><\/figure><\/div>\n\n\n\n<p>In Husum kann man durchaus einen Tag verbringen. Es gibt so einiges zu sehen: Der Hafen mit seinen vielen Restaurants, einige Museen wie das Schifffahrts-Museum oder auch das Geburtshaus von Theodor Storm. Sogar ein eigenes Schloss hat die Stadt !<\/p>\n\n\n\n<p>Nat\u00fcrlich habe ich die Zeit genutzt und mir die n\u00e4here und weitere Umgebung angeschaut. Zuerst besuchte ich Sankt Peter-Ording mit seinem riesigen Strand:<\/p>\n\n\n\n<div class=\"wp-block-image\"><figure class=\"aligncenter size-large\"><img loading=\"lazy\" decoding=\"async\" width=\"1024\" height=\"768\" src=\"https:\/\/micks-touren.de\/wp-content\/uploads\/2021\/05\/04-Sankt_Peter-Ording-1024x768.jpg\" alt=\"\" class=\"wp-image-1100\" srcset=\"https:\/\/micks-touren.de\/wp-content\/uploads\/2021\/05\/04-Sankt_Peter-Ording-1024x768.jpg 1024w, https:\/\/micks-touren.de\/wp-content\/uploads\/2021\/05\/04-Sankt_Peter-Ording-300x225.jpg 300w, https:\/\/micks-touren.de\/wp-content\/uploads\/2021\/05\/04-Sankt_Peter-Ording-768x576.jpg 768w, https:\/\/micks-touren.de\/wp-content\/uploads\/2021\/05\/04-Sankt_Peter-Ording-1536x1152.jpg 1536w, https:\/\/micks-touren.de\/wp-content\/uploads\/2021\/05\/04-Sankt_Peter-Ording-150x113.jpg 150w, https:\/\/micks-touren.de\/wp-content\/uploads\/2021\/05\/04-Sankt_Peter-Ording.jpg 2000w\" sizes=\"auto, (max-width: 1024px) 100vw, 1024px\" \/><figcaption>So leer wie auf dem Foto war es nicht. So wie ich waren einige tausend Leute da und genossen Wetter und Aussicht. Ein paar Hartgesottene badeten sogar.<\/figcaption><\/figure><\/div>\n\n\n\n<p>Wenn Ihr mal dorthin kommt, m\u00fcsst Ihr unbedingt in die <a rel=\"noreferrer noopener\" href=\"https:\/\/www.strandbar-54grad-nord.de\/\" data-type=\"URL\" data-id=\"https:\/\/www.strandbar-54grad-nord.de\/\" target=\"_blank\">Strandbar 54\u00b0 Nord<\/a> gehen und Euch dort auf die Terrasse setzen. Gutes Essen, sehr nettes Personal und ein toller Blick auf Strand und Meer ! <\/p>\n\n\n\n<p>Ganz in der N\u00e4he gibt es auch zwei Leuchtt\u00fcrme. Zu beiden muss man aber \u00fcber 2 km marschieren (ich wollte es nur mal erw\u00e4hnen). Aber bei gutem und halbwegs windfreiem Wetter ist das ein sch\u00f6ner Spaziergang.<\/p>\n\n\n\n<div class=\"wp-block-image is-style-rounded\"><figure class=\"aligncenter size-large\"><img loading=\"lazy\" decoding=\"async\" width=\"694\" height=\"1024\" src=\"https:\/\/micks-touren.de\/wp-content\/uploads\/2021\/05\/05-Westerhever_Leuchtturm-694x1024.jpg\" alt=\"\" class=\"wp-image-1101\" srcset=\"https:\/\/micks-touren.de\/wp-content\/uploads\/2021\/05\/05-Westerhever_Leuchtturm-694x1024.jpg 694w, https:\/\/micks-touren.de\/wp-content\/uploads\/2021\/05\/05-Westerhever_Leuchtturm-203x300.jpg 203w, https:\/\/micks-touren.de\/wp-content\/uploads\/2021\/05\/05-Westerhever_Leuchtturm-768x1133.jpg 768w, https:\/\/micks-touren.de\/wp-content\/uploads\/2021\/05\/05-Westerhever_Leuchtturm-1041x1536.jpg 1041w, https:\/\/micks-touren.de\/wp-content\/uploads\/2021\/05\/05-Westerhever_Leuchtturm-102x150.jpg 102w, https:\/\/micks-touren.de\/wp-content\/uploads\/2021\/05\/05-Westerhever_Leuchtturm.jpg 1356w\" sizes=\"auto, (max-width: 694px) 100vw, 694px\" \/><figcaption>Der Westerhever Leuchtturm<\/figcaption><\/figure><\/div>\n\n\n\n<p>Leider gab es in der Woche auch ein paar Regentage, so dass ich nicht viel machen konnte. An den guten Tagen war ich dann aber wieder unterwegs. Zum Beispiel mit dem &#8222;Adler Express&#8220; auf die Insel Amrum. Mein Vermieter hatte mir schon davon vorgeschw\u00e4rmt &#8211; und er hatte recht. Eine wirklich sch\u00f6ne Insel. Mit einem Kombi-Ticket der F\u00e4hre konnte ich mir sogar ein E-Bike leihen und dann einmal um die Insel fahren. Zumindest fast: die Nordspitze ist Naturschutzgebiet und nur zu Fuss zu erreichen.<\/p>\n\n\n\n<div class=\"wp-block-image\"><figure class=\"aligncenter size-large\"><img loading=\"lazy\" decoding=\"async\" width=\"1024\" height=\"768\" src=\"https:\/\/micks-touren.de\/wp-content\/uploads\/2021\/05\/08-Amrum_Nordspitze-1024x768.jpg\" alt=\"\" class=\"wp-image-1102\" srcset=\"https:\/\/micks-touren.de\/wp-content\/uploads\/2021\/05\/08-Amrum_Nordspitze-1024x768.jpg 1024w, https:\/\/micks-touren.de\/wp-content\/uploads\/2021\/05\/08-Amrum_Nordspitze-300x225.jpg 300w, https:\/\/micks-touren.de\/wp-content\/uploads\/2021\/05\/08-Amrum_Nordspitze-768x576.jpg 768w, https:\/\/micks-touren.de\/wp-content\/uploads\/2021\/05\/08-Amrum_Nordspitze-1536x1152.jpg 1536w, https:\/\/micks-touren.de\/wp-content\/uploads\/2021\/05\/08-Amrum_Nordspitze-150x113.jpg 150w, https:\/\/micks-touren.de\/wp-content\/uploads\/2021\/05\/08-Amrum_Nordspitze.jpg 2000w\" sizes=\"auto, (max-width: 1024px) 100vw, 1024px\" \/><figcaption>Auf dem Weg zur Nordspitze<\/figcaption><\/figure><\/div>\n\n\n\n<p>Das Fahrrad kann man an einem gro\u00dfen Fahrradst\u00e4nder zur\u00fccklassen. Und jetzt hier gleich ein <span class=\"has-inline-color has-vivid-red-color\"><strong>TIPP<\/strong><\/span>: direkt am Fahrradst\u00e4nder kann man \u00fcber eine D\u00fcne an die Westseite der Insel klettern. Dort findet man dann einen riesigen und wirklich sch\u00f6nen Badestrand:<\/p>\n\n\n\n<div class=\"wp-block-image\"><figure class=\"aligncenter size-large\"><img loading=\"lazy\" decoding=\"async\" width=\"1024\" height=\"768\" src=\"https:\/\/micks-touren.de\/wp-content\/uploads\/2021\/05\/09-Amrum_Westkueste-1024x768.jpg\" alt=\"\" class=\"wp-image-1103\" srcset=\"https:\/\/micks-touren.de\/wp-content\/uploads\/2021\/05\/09-Amrum_Westkueste-1024x768.jpg 1024w, https:\/\/micks-touren.de\/wp-content\/uploads\/2021\/05\/09-Amrum_Westkueste-300x225.jpg 300w, https:\/\/micks-touren.de\/wp-content\/uploads\/2021\/05\/09-Amrum_Westkueste-768x576.jpg 768w, https:\/\/micks-touren.de\/wp-content\/uploads\/2021\/05\/09-Amrum_Westkueste-1536x1152.jpg 1536w, https:\/\/micks-touren.de\/wp-content\/uploads\/2021\/05\/09-Amrum_Westkueste-150x113.jpg 150w, https:\/\/micks-touren.de\/wp-content\/uploads\/2021\/05\/09-Amrum_Westkueste.jpg 2000w\" sizes=\"auto, (max-width: 1024px) 100vw, 1024px\" \/><figcaption>Durch die D\u00fcnen &#8230;.<\/figcaption><\/figure><\/div>\n\n\n\n<div class=\"wp-block-image\"><figure class=\"aligncenter size-large\"><img loading=\"lazy\" decoding=\"async\" width=\"1024\" height=\"339\" src=\"https:\/\/micks-touren.de\/wp-content\/uploads\/2021\/05\/12-Amrum_Strand-1024x339.jpg\" alt=\"\" class=\"wp-image-1104\" srcset=\"https:\/\/micks-touren.de\/wp-content\/uploads\/2021\/05\/12-Amrum_Strand-1024x339.jpg 1024w, https:\/\/micks-touren.de\/wp-content\/uploads\/2021\/05\/12-Amrum_Strand-300x99.jpg 300w, https:\/\/micks-touren.de\/wp-content\/uploads\/2021\/05\/12-Amrum_Strand-768x255.jpg 768w, https:\/\/micks-touren.de\/wp-content\/uploads\/2021\/05\/12-Amrum_Strand-1536x509.jpg 1536w, https:\/\/micks-touren.de\/wp-content\/uploads\/2021\/05\/12-Amrum_Strand-150x50.jpg 150w, https:\/\/micks-touren.de\/wp-content\/uploads\/2021\/05\/12-Amrum_Strand.jpg 2000w\" sizes=\"auto, (max-width: 1024px) 100vw, 1024px\" \/><figcaption>&#8230; zum Strand<\/figcaption><\/figure><\/div>\n\n\n\n<p> Auf der Westseite der Insel ging es dann wieder zur\u00fcck Richtung S\u00fcden. Auf dem Weg dahin f\u00e4hrt man durch einen Wald. Auf ca. halber Strecke kann man rechts abbiegen (Wegweiser !) und kommt zu einer Art Lehrpfad, dem Bohlenweg und D\u00fcnenlehrpfad. Ein netter Rundgang und praktisch, wenn man vom vielen Radeln seinen Po sp\u00fcrt. Ganz in der N\u00e4he ist auch ein Haus aus der Eisenzeit, aber irgendwie habe ich das nicht gefunden.<\/p>\n\n\n\n<p>Es ging weiter Richtung S\u00fcden. Der Leuchtturm war leider geschlossen, so dass ich ihn nicht besichtigen konnte.<\/p>\n\n\n\n<p>Bis zur Abfahrt der F\u00e4hre hatte ich noch viel Zeit, deshalb fuhr ich in eines der kleinen malerischen D\u00f6rfer der Insel, nach Nebel, und suchte mir dort ein kleines Cafe. Mir hat es dort so gut gefallen, dass ich es gleich mal als <span class=\"has-inline-color has-vivid-red-color\"><strong>TIPP<\/strong><\/span> weitergebe: das &#8222;<a href=\"https:\/\/www.amrum.de\/freizeitangebote\/nebel\/a-doernsk-an-koeoegem\">D\u00f6rnsk an <\/a><a rel=\"noreferrer noopener\" href=\"https:\/\/www.amrum.de\/freizeitangebote\/nebel\/a-doernsk-an-koeoegem\" target=\"_blank\">K\u00f6\u00f6gem<\/a>&#8222;. Versucht unbedingt, einen Platz im Hof zu bekommen !<\/p>\n\n\n\n<p>Es gibt noch so einiges andere zu besichtigen, z.B. eine Museumsm\u00fchle, den &#8222;Kniepsand&#8220;, der sich an der ganzen Westseite der Insel entlang zieht, und \u00fcberall auf dem Weg verschiedene Vogelarten. In der Zeit, in der ich dort war, hatten viele schon K\u00fcken &#8211; und einmal wurde ich deshalb von einer Gans angezischt.<\/p>\n\n\n\n<p>An meinem letzten Tag besuchte ich noch einmal Husum. Ich musste sowieso dahin (wie jeden zweiten Tag), um einen Antigen-Schnelltest machen zu lassen. Ich besuchte das Schifffahrts-Museum (recht interessant), a\u00df in einem Schiffsrestaurant zu Mittag und besorgte anschlie\u00dfend noch in einem S\u00fc\u00dfigkeitenladen tonnenweise Lakritz f\u00fcr die Daheimgebliebenen. Der Laden hei\u00dft <a rel=\"noreferrer noopener\" href=\"http:\/\/www.merlinum.de\" data-type=\"URL\" data-id=\"www.merlinum.de\" target=\"_blank\">Merlinum<\/a>, ist zwar klein, aber mit einer riesigen Auswahl. Und sogar Harry-Potter-Fans finden dort etwas \ud83d\ude00<\/p>\n\n\n\n<div class=\"wp-block-image is-style-rounded\"><figure class=\"aligncenter size-large\"><img loading=\"lazy\" decoding=\"async\" width=\"1024\" height=\"768\" src=\"https:\/\/micks-touren.de\/wp-content\/uploads\/2021\/05\/13-Nordertor-1024x768.jpg\" alt=\"\" class=\"wp-image-1105\" srcset=\"https:\/\/micks-touren.de\/wp-content\/uploads\/2021\/05\/13-Nordertor-1024x768.jpg 1024w, https:\/\/micks-touren.de\/wp-content\/uploads\/2021\/05\/13-Nordertor-300x225.jpg 300w, https:\/\/micks-touren.de\/wp-content\/uploads\/2021\/05\/13-Nordertor-768x576.jpg 768w, https:\/\/micks-touren.de\/wp-content\/uploads\/2021\/05\/13-Nordertor-1536x1152.jpg 1536w, https:\/\/micks-touren.de\/wp-content\/uploads\/2021\/05\/13-Nordertor-150x113.jpg 150w, https:\/\/micks-touren.de\/wp-content\/uploads\/2021\/05\/13-Nordertor.jpg 2000w\" sizes=\"auto, (max-width: 1024px) 100vw, 1024px\" \/><figcaption>Die &#8222;Nordertor&#8220; im Hafen von Husum<\/figcaption><\/figure><\/div>\n\n\n\n<p>Und dann war mein erster Urlaub seit Monaten leider wieder vorbei. Dabei h\u00e4tte es noch so viel zu sehen und zu erleben gegeben &#8230;.<\/p>\n","protected":false},"excerpt":{"rendered":"<p>Corona-Zeit &#8230; und im Mai machte Nordfriesland als Modellregion unter Auflagen den Tourismus wieder m\u00f6glich. Mit reichlich Gl\u00fcck bekam ich noch ein Ferienh\u00e4uschen in der N\u00e4he von Husum, der Stadt, in der der ber\u00fchmte Dichter Theodor Storm geboren und auch begraben wurde. Nordfriesland ist bekannterma\u00dfen recht l\u00e4ndlich. Wer gerne keine&#8230;<\/p>\n<p class=\"continue-reading-button\"> <a class=\"continue-reading-link\" href=\"https:\/\/micks-touren.de\/?page_id=1097\">Continue reading<i class=\"crycon-right-dir\"><\/i><\/a><\/p>\n","protected":false},"author":1,"featured_media":0,"parent":0,"menu_order":0,"comment_status":"open","ping_status":"closed","template":"","meta":{"footnotes":""},"class_list":["post-1097","page","type-page","status-publish","hentry"],"_links":{"self":[{"href":"https:\/\/micks-touren.de\/index.php?rest_route=\/wp\/v2\/pages\/1097","targetHints":{"allow":["GET"]}}],"collection":[{"href":"https:\/\/micks-touren.de\/index.php?rest_route=\/wp\/v2\/pages"}],"about":[{"href":"https:\/\/micks-touren.de\/index.php?rest_route=\/wp\/v2\/types\/page"}],"author":[{"embeddable":true,"href":"https:\/\/micks-touren.de\/index.php?rest_route=\/wp\/v2\/users\/1"}],"replies":[{"embeddable":true,"href":"https:\/\/micks-touren.de\/index.php?rest_route=%2Fwp%2Fv2%2Fcomments&post=1097"}],"version-history":[{"count":3,"href":"https:\/\/micks-touren.de\/index.php?rest_route=\/wp\/v2\/pages\/1097\/revisions"}],"predecessor-version":[{"id":1109,"href":"https:\/\/micks-touren.de\/index.php?rest_route=\/wp\/v2\/pages\/1097\/revisions\/1109"}],"wp:attachment":[{"href":"https:\/\/micks-touren.de\/index.php?rest_route=%2Fwp%2Fv2%2Fmedia&parent=1097"}],"curies":[{"name":"wp","href":"https:\/\/api.w.org\/{rel}","templated":true}]}}